{"id":181,"date":"2020-01-18T20:38:27","date_gmt":"2020-01-18T19:38:27","guid":{"rendered":"http:\/\/www.zsczudec.pl\/?page_id=181"},"modified":"2025-08-29T12:59:12","modified_gmt":"2025-08-29T10:59:12","slug":"podreczniki","status":"publish","type":"page","link":"https:\/\/www.zsczudec.pl\/?page_id=181","title":{"rendered":"Podr\u0119czniki 2025\/2026"},"content":{"rendered":"\n<p>Podr\u0119czniki dla klas II-V dost\u0119pne w dzienniku elektronicznym.<\/p>\n\n\n\n<p><strong>Wykaz podr\u0119cznik\u00f3w dla klasy I w roku szkolnym 2025\/2026<\/strong><\/p>\n\n\n\n<p><strong>Podr\u0119cznik do matematyki jest taki sam w liceum i technikum.<\/strong><\/p>\n\n\n\n<p> <a href=\"http:\/\/www.zsczudec.pl\/wp-content\/uploads\/Wykaz-podrecznikow-do-klasy-I-w-ZS-Czudec.pdf\">http:\/\/www.zsczudec.pl\/wp-content\/uploads\/Wykaz-podrecznikow-do-klasy-I-w-ZS-Czudec.pdf<\/a><\/p>\n\n\n\n<p><\/p>\n\n\n\n<p>Wykaz podr\u0119cznik\u00f3w dla klas II -V <a href=\"http:\/\/www.zsczudec.pl\/wp-content\/uploads\/2023\/08\/wykaz-podrecznikow-.pdf\">http:\/\/www.zsczudec.pl\/wp-content\/uploads\/2023\/08\/wykaz-podrecznikow-.pdf<\/a><\/p>\n\n\n\n<p>Cz\u0119\u015b\u0107 podr\u0119cznik\u00f3w mo\u017cna wypo\u017cyczy\u0107 w bibliotece szkolnej. <\/p>\n\n\n\n<p>Podr\u0119czniki dla wszystkich przedmiot\u00f3w s\u0105 kontynuacj\u0105 z poprzednich lat.<\/p>\n\n\n\n<p>Wykaz podr\u0119cznik\u00f3w do przedmiot\u00f3w zawodowych przeka\u017c\u0105 nauczyciele na pierwszych zaj\u0119ciach w miesi\u0105cu wrze\u015bniu.<\/p>\n\n\n\n<p>Samorz\u0105d szkolny informuje, \u017ce w miesi\u0105cu wrze\u015bniu zostanie zorganizowany kiermasz podr\u0119cznik\u00f3w na kt\u00f3rym uczniowie b\u0119d\u0105 mogli pozyska\u0107 podr\u0119czniki od koleg\u00f3w i kole\u017canek klas wy\u017cszych.<\/p>\n\n\n<p>Podr\u0119czniki dla klasy II (podr\u0119czniki w klasie II i starszych s\u0105 kontynuacj\u0105 podr\u0119cznik\u00f3w z wcze\u015bniejszych lat)<\/p>\n<table>\n<tbody>\n<tr>\n<td width=\"133\">\n<p><strong>Przedmiot<\/strong><\/p>\n<\/td>\n<td width=\"159\">\n<p><strong>Autor<\/strong><\/p>\n<\/td>\n<td width=\"400\">\n<p><strong>tytu\u0142<\/strong><\/p>\n<\/td>\n<td width=\"185\">\n<p><strong>wydawnictwo<\/strong><\/p>\n<\/td>\n<td width=\"156\">\n<p><strong>\u00a0<\/strong><\/p>\n<\/td>\n<td width=\"153\">\n<p><strong>uwagi<\/strong><\/p>\n<\/td>\n<\/tr>\n<tr>\n<td width=\"133\">\n<p>Chemia<\/p>\n<\/td>\n<td width=\"159\">\n<p>Aleksandra Mrzigod, Janusz Mrzigod, Romuald Hassa<\/p>\n<\/td>\n<td width=\"400\">\n<p>To jest chemia dla klasy 1. Edycja 2024<\/p>\n<\/td>\n<td width=\"185\">\n<p>Nowa Era<\/p>\n<\/td>\n<td width=\"156\">\u00a0<\/td>\n<td width=\"153\">\u00a0<\/td>\n<\/tr>\n<tr>\n<td width=\"133\">\n<p>J. Polski<\/p>\n<\/td>\n<td width=\"159\">\n<p>Krzysztof Mrowcewicz<\/p>\n<\/td>\n<td width=\"400\">\n<p>1. Przesz\u0142o\u015b\u0107 i dzi\u015b.Antyk- \u015aredniowiecze. Podr\u0119cznik. J\u0119zyk polski. Liceum i technikum. Klasa 1. Cz\u0119\u015b\u0107 1.<\/p>\n<p>2.Przesz\u0142o\u015b\u0107 i dzi\u015b. Renesans &#8211; O\u015bwiecenie. Podr\u0119cznik. J\u0119zyk polski. Liceum i technikum. Klasa 1. Cz\u0119\u015b\u0107 2.<\/p>\n<\/td>\n<td width=\"185\">\n<p>Wydawnictwo STENTOR i WSIP<\/p>\n<\/td>\n<td width=\"156\">\u00a0<\/td>\n<td width=\"153\">\u00a0<\/td>\n<\/tr>\n<tr>\n<td width=\"133\">\n<p>Matematyka<\/p>\n<\/td>\n<td width=\"159\">\n<p>Wojciech Babia\u0144ski, Lech Cha\u0144ko, Dorota Ponczek<\/p>\n<\/td>\n<td width=\"400\">\n<p>MATeMAtyka\u00a0 Podr\u0119cznik dla szk\u00f3\u0142 ponadpodstawowych Zakres podstawowy<\/p>\n<\/td>\n<td width=\"185\">\n<p>Nowa Era<\/p>\n<\/td>\n<td width=\"156\">\u00a0<\/td>\n<td width=\"153\">\u00a0<\/td>\n<\/tr>\n<tr>\n<td width=\"133\">\n<p>J. Angielski<\/p>\n<\/td>\n<td width=\"159\">\n<p>Catherine McBeth, P. Reilly<\/p>\n<\/td>\n<td width=\"400\">\n<p>Impulse 2<\/p>\n<\/td>\n<td width=\"185\">\n<p>Macmillan Education<\/p>\n<\/td>\n<td width=\"156\">\u00a0<\/td>\n<td width=\"153\">\u00a0<\/td>\n<\/tr>\n<tr>\n<td width=\"133\">\n<p>J. Niemiecki<\/p>\n<\/td>\n<td width=\"159\">\u00a0<\/td>\n<td width=\"400\">\n<p>Do zakupienia po rozpocz\u0119ciu roku szkolnego<\/p>\n<\/td>\n<td width=\"185\">\u00a0<\/td>\n<td width=\"156\">\u00a0<\/td>\n<td width=\"153\">\u00a0<\/td>\n<\/tr>\n<tr>\n<td width=\"133\">\n<p>Biologia<\/p>\n<\/td>\n<td width=\"159\">\n<p>Marek Guzik, Ryszard Kozik, Agnieszka KrotkeRenata Matuszewska, Anna Tyc,W\u0142adys\u0142aw Zamachowski<\/p>\n<\/td>\n<td width=\"400\">\n<p>NOWA Biologia na czasie cz.1. i kolejne. Edycja 2024.Podr\u0119cznik.Zakres rozszerzony. Nr dop.MEN 1221\/1\/2024<\/p>\n<\/td>\n<td width=\"185\">\n<p>Nowa Era<\/p>\n<\/td>\n<td width=\"156\">\u00a0<\/td>\n<td width=\"153\">\u00a0<\/td>\n<\/tr>\n<tr>\n<td width=\"133\">\n<p>Geografia<\/p>\n<\/td>\n<td width=\"159\">\n<p>1. Roman Malarz, Marek Wi\u0119ckowski<\/p>\n<\/td>\n<td width=\"400\">\n<p>NOWE Oblicza geografii cz. 1. i kolejne Edycja 2024. Podr\u0119cznik. Zakres podstawowy\u201d<\/p>\n<\/td>\n<td width=\"185\">\n<p>Nowa Era<\/p>\n<\/td>\n<td width=\"156\">\u00a0<\/td>\n<td width=\"153\">\u00a0<\/td>\n<\/tr>\n<tr>\n<td width=\"133\">\n<p>Historia<\/p>\n<\/td>\n<td width=\"159\">\n<p>1. Pawlak Marcin, Szweda Adam\u00a0<\/p>\n<\/td>\n<td width=\"400\">\n<p>\u201ePozna\u0107 przesz\u0142o\u015b\u0107 1. i kolejne. Edycja 2024. Podr\u0119cznik. Zakres podstawowy<\/p>\n<\/td>\n<td width=\"185\">\n<p>Nowa Era<\/p>\n<\/td>\n<td width=\"156\">\u00a0<\/td>\n<td width=\"153\">\u00a0<\/td>\n<\/tr>\n<tr>\n<td width=\"133\">\n<p>Fizyka<\/p>\n<\/td>\n<td width=\"159\">\n<p>Braun Marcin, \u015aliwa Weronika<\/p>\n<\/td>\n<td width=\"400\">\n<p>Odkry\u0107 fizyk\u0119 2<\/p>\n<\/td>\n<td width=\"185\">\n<p>Nowa Era<\/p>\n<\/td>\n<td width=\"156\">\u00a0<\/td>\n<td width=\"153\">\u00a0<\/td>\n<\/tr>\n<tr>\n<td width=\"133\">\n<p>EDB<\/p>\n<\/td>\n<td width=\"159\">\n<p>Jaros\u0142aw S\u0142oma<\/p>\n<\/td>\n<td width=\"400\">\n<p>\u017byj\u0119 i dzia\u0142am bezpiecznie<\/p>\n<\/td>\n<td width=\"185\">\n<p>Nowa Era<\/p>\n<\/td>\n<td width=\"156\">\u00a0<\/td>\n<td width=\"153\">\u00a0<\/td>\n<\/tr>\n<tr>\n<td width=\"133\">\n<p>Biznes i zarz\u0105dzanie<\/p>\n<\/td>\n<td width=\"159\">\n<p>Ewa Kawczy\u0144ska-Kie\u0142basa<\/p>\n<\/td>\n<td width=\"400\">\n<p>Biznes i zarz\u0105dzanie. Podr\u0119cznik. Liceum i technikum. Cz\u0119\u015b\u0107 1 i kolejne. Zakres podstawowy<\/p>\n<\/td>\n<td width=\"185\">\n<p>WSiP<\/p>\n<\/td>\n<td width=\"156\">\u00a0<\/td>\n<td width=\"153\">\u00a0<\/td>\n<\/tr>\n<tr>\n<td width=\"133\">\n<p>wychowanie do \u017cycia w rodzinie<\/p>\n<\/td>\n<td width=\"159\">\n<\/td>\n<td width=\"400\">\n<\/td>\n<td width=\"185\">\n<\/td>\n<td width=\"156\">\u00a0<\/td>\n<td width=\"153\">\n<p>Nieobowi\u0105zkowy<\/p>\n<\/td>\n<\/tr>\n<tr>\n<td width=\"133\">\n<p>Informatyka<\/p>\n<\/td>\n<td width=\"159\">\n<p>Janusz Mazur<\/p>\n<\/td>\n<td width=\"400\">\n<p>Informatyka na czasie 1<\/p>\n<\/td>\n<td width=\"185\">\n<p>Nowa Era<\/p>\n<\/td>\n<td width=\"156\">\u00a0<\/td>\n<td width=\"153\">\n<p>Nieobowi\u0105zkowa<\/p>\n<\/td>\n<\/tr>\n<tr>\n<td width=\"133\">\u00a0<\/td>\n<td width=\"159\">\u00a0<\/td>\n<td width=\"400\">\u00a0<\/td>\n<td width=\"185\">\u00a0<\/td>\n<td width=\"156\">\u00a0<\/td>\n<td width=\"153\">\u00a0<\/td>\n<\/tr>\n<tr>\n<td width=\"133\">\u00a0<\/td>\n<td width=\"159\">\u00a0<\/td>\n<td width=\"400\">\u00a0<\/td>\n<td width=\"185\">\u00a0<\/td>\n<td width=\"156\">\u00a0<\/td>\n<td width=\"153\">\u00a0<\/td>\n<\/tr>\n<tr>\n<td width=\"133\">\n<p>Technologia gastronomiczna z towaroznawstwem\u00a0<\/p>\n<\/td>\n<td width=\"159\">\n<p>Anna Kmio\u0142ek\u00a0<\/p>\n<\/td>\n<td width=\"400\">\n<p>Sporz\u0105dzanie napoj\u00f3w i potraw,\u00a0<\/p>\n<p>Sporz\u0105dzanie i ekspedycja potraw i napoj\u00f3w cz\u0119\u015b\u0107 1 i 2*\u00a0<\/p>\n<\/td>\n<td width=\"185\">\n<p>WSiP<\/p>\n<\/td>\n<td width=\"156\">\u00a0<\/td>\n<td width=\"153\">\n<p>Podr\u0119cznik dost\u0119pny w bibliotece szkolnej<\/p>\n<\/td>\n<\/tr>\n<tr>\n<td width=\"133\">\n<p>Wyposa\u017cenie i zasady bezpiecze\u0144stwa w gastronomii<\/p>\n<\/td>\n<td width=\"159\">\n<p>P. Dominik\u00a0<\/p>\n<\/td>\n<td width=\"400\">\n<p>BHP w bran\u017cy gastronomicznej. Podr\u0119cznik do kszta\u0142cenia zawodowego.\u00a0<\/p>\n<\/td>\n<td width=\"185\">\n<p>WSiP<\/p>\n<\/td>\n<td width=\"156\">\u00a0<\/td>\n<td width=\"153\">\n<p>Podr\u0119cznik dost\u0119pny w bibliotece szkolnej<\/p>\n<\/td>\n<\/tr>\n<\/tbody>\n<\/table>\n\n\n<p><\/p>\n\n\n<p><strong>Podr\u0119czniki dla LO kl 3 (podr\u0119czniki s\u0105 kontynuacj\u0105 z klas poprzednich)<\/strong><\/p>\n<table>\n<tbody>\n<tr>\n<td width=\"173\">\n<p><strong>Przedmiot<\/strong><\/p>\n<\/td>\n<td width=\"205\">\n<p><strong>Autor<\/strong><\/p>\n<\/td>\n<td width=\"355\">\n<p><strong>tytu\u0142<\/strong><\/p>\n<\/td>\n<td width=\"173\">\n<p><strong>wydawnictwo<\/strong><\/p>\n<\/td>\n<td width=\"128\">\n<p><strong>\u00a0<\/strong><\/p>\n<\/td>\n<td width=\"152\">\n<p><strong>uwagi<\/strong><\/p>\n<\/td>\n<\/tr>\n<tr>\n<td width=\"173\">\n<p>Chemia<\/p>\n<\/td>\n<td width=\"205\">\n<p>Aleksandra Mrzigod, Janusz Mrzigod, Romuald Hassa<\/p>\n<\/td>\n<td width=\"355\">\n<p>kontynuacja podr\u0119cznika z klasy 1: &#8222;To jest chemia. Chemia og\u00f3lna i nieorganiczna. cz\u0119\u015b\u0107 1&#8243;i kolejne<\/p>\n<p>Podr\u0119cznik ze zbiorem zada\u0144. Zakres podstawowy.<\/p>\n<\/td>\n<td width=\"173\">\n<p>Nowa Era<\/p>\n<\/td>\n<td width=\"128\">\u00a0<\/td>\n<td width=\"152\">\u00a0<\/td>\n<\/tr>\n<tr>\n<td width=\"173\">\n<p>J. Polski<\/p>\n<\/td>\n<td width=\"205\">\n<p>Krzysztof Mrowcewicz<\/p>\n<p>Aleksander Nawarecki, Dorota Siwicka<\/p>\n<p>Ewa Paczoska<\/p>\n<\/td>\n<td width=\"355\">\n<p>1.*Przesz\u0142o\u015b\u0107 i dzi\u015b. Renesans &#8211; O\u015bwiecenie. Podr\u0119cznik. J\u0119zyk polski. Liceum i technikum. Klasa 1. Cz\u0119\u015b\u0107 2. Zakres podstawowy i rozszerzony.<\/p>\n<p>2. Przesz\u0142o\u015b\u0107 i dzi\u015b.Romantyzm. Klasa 2 cz\u0119\u015b\u0107 1 Zakres podstawowy i rozszerzony.<\/p>\n<p>3. Przesz\u0142o\u015b\u0107 i dzi\u015b. Pozytywizm Klasa 2 cz\u0119\u015b\u0107 2.<\/p>\n<\/td>\n<td width=\"173\">\n<p>Wydawnictwo STENTOR i WSIP<\/p>\n<\/td>\n<td width=\"128\">\u00a0<\/td>\n<td width=\"152\">\n<p>*Kontynuacja do pa\u017adziernika 2024<\/p>\n<\/td>\n<\/tr>\n<tr>\n<td width=\"173\">\n<p>Matematyka<\/p>\n<\/td>\n<td width=\"205\">\n<p>Wojciech Babia\u0144ski, Lech Cha\u0144ko, Dorota Ponczek<\/p>\n<\/td>\n<td width=\"355\">\n<p>MATeMAtyka 2 Podr\u0119cznik dla szk\u00f3\u0142 ponadpodstawowych Zakres podstawowy i kolejne<\/p>\n<\/td>\n<td width=\"173\">\n<p>Nowa Era<\/p>\n<\/td>\n<td width=\"128\">\u00a0<\/td>\n<td width=\"152\">\n<p>W pocz\u0105tkowym okresie obowi\u0105zuje podr\u0119cznik z kl 1<\/p>\n<\/td>\n<\/tr>\n<tr>\n<td width=\"173\">\n<p>J. Angielski<\/p>\n<\/td>\n<td width=\"205\">\n<p>Catherine McBeth, P. Reilly<\/p>\n<\/td>\n<td width=\"355\">\n<p>Impulse 2<\/p>\n<\/td>\n<td width=\"173\">\n<p>Macmillan Education<\/p>\n<\/td>\n<td width=\"128\">\u00a0<\/td>\n<td width=\"152\">\u00a0<\/td>\n<\/tr>\n<tr>\n<td width=\"173\">\n<p>J. Niemiecki<\/p>\n<\/td>\n<td width=\"205\">\n<p>Claudia Brass, Dagmara Gl\u00fcck<\/p>\n<\/td>\n<td width=\"355\">\n<p>MEGA2<\/p>\n<\/td>\n<td width=\"173\">\n<p>Klett<\/p>\n<\/td>\n<td width=\"128\">\u00a0<\/td>\n<td width=\"152\">\u00a0<\/td>\n<\/tr>\n<tr>\n<td width=\"173\">\n<p>Biologia<\/p>\n<\/td>\n<td width=\"205\">\n<p>Marek Guzik, Ryszard Kozik, Renata Matuszewska, W\u0142adys\u0142aw Zamachowski\u202f\u00a0<\/p>\n<p>Ryszard Kozik,W\u0142adys\u0142aw Zamachowski, Marek Guzik,<\/p>\n<\/td>\n<td width=\"355\">\n<p>1.Biologia na czasie.1 i kolejne. Podr\u0119cznik dla liceum og\u00f3lnokszta\u0142c\u0105cego i technikum .Zakres rozszerzony.\u202fNr dop. MEN 1010\/1\/2019<\/p>\n<p>2.Biologia na czasie 2.\u00a0Podr\u0119cznik dla liceum og\u00f3lnokszta\u0142c\u0105cego i technikum. Zakres rozszerzony Nr dop.MEN 1010\/2\/2020\u00a0<\/p>\n<\/td>\n<td width=\"173\">\n<p>Nowa Era<\/p>\n<\/td>\n<td width=\"128\">\u00a0<\/td>\n<td width=\"152\">\n<p>Kontynuacja z 1 klasy<\/p>\n<\/td>\n<\/tr>\n<tr>\n<td width=\"173\">\n<p>Geografia<\/p>\n<\/td>\n<td width=\"205\">\n<p>Tomasz Rachwa\u0142, Rados\u0142aw Uliszak, Krzysztof Wiedermann, Pawe\u0142 Kroh\u00a0<\/p>\n<\/td>\n<td width=\"355\">\n<p>\u201eOblicza geografii 2. i kolejne cz\u0119\u015bci. Podr\u0119cznik dla liceum og\u00f3lnokszta\u0142c\u0105cego i technikum, zakres podstawowy\u201d.<\/p>\n<\/td>\n<td width=\"173\">\n<p>Nowa Era<\/p>\n<\/td>\n<td width=\"128\">\u00a0<\/td>\n<td width=\"152\">\u00a0<\/td>\n<\/tr>\n<tr>\n<td width=\"173\">\n<p>Historia<\/p>\n<\/td>\n<td width=\"205\">\n<p>Adam Kucharski, Aneta Niew\u0119g\u0142owska\u00a0<\/p>\n<\/td>\n<td width=\"355\">\n<p>\u201ePozna\u0107 przesz\u0142o\u015b\u0107 2 . i kolejne cz\u0119\u015bci Podr\u0119cznik do historii dla liceum og\u00f3lnokszta\u0142c\u0105cego i technikum. Zakres podstawowy.\u201d<\/p>\n<\/td>\n<td width=\"173\">\n<p>Nowa Era<\/p>\n<\/td>\n<td width=\"128\">\u00a0<\/td>\n<td width=\"152\">\u00a0<\/td>\n<\/tr>\n<tr>\n<td width=\"173\">\n<p>Historia i tera\u017aniejszo\u015b\u0107<\/p>\n<\/td>\n<td width=\"205\">\u00a0<\/td>\n<td width=\"355\">\n<p>Historia i Tera\u017aniejszo\u015b\u0107 2. Opracowanie zbiorowe<\/p>\n<\/td>\n<td width=\"173\">\u00a0<\/td>\n<td width=\"128\">\u00a0<\/td>\n<td width=\"152\">\n<p>WSiP<\/p>\n<\/td>\n<\/tr>\n<tr>\n<td width=\"173\">\n<p>Fizyka<\/p>\n<\/td>\n<td width=\"205\">\n<p>Braun Marcin, \u015aliwa Weronika<\/p>\n<\/td>\n<td width=\"355\">\n<p>Odkry\u0107 fizyk\u0119 3<\/p>\n<\/td>\n<td width=\"173\">\n<p>Nowa Era<\/p>\n<\/td>\n<td width=\"128\">\u00a0<\/td>\n<td width=\"152\">\u00a0<\/td>\n<\/tr>\n<tr>\n<td width=\"173\">\n<p>EDB<\/p>\n<\/td>\n<td width=\"205\">\n<p>Jaros\u0142aw S\u0142oma<\/p>\n<\/td>\n<td width=\"355\">\n<p>\u017byj\u0119 i dzia\u0142am bezpiecznie<\/p>\n<\/td>\n<td width=\"173\">\n<p>Nowa Era<\/p>\n<\/td>\n<td width=\"128\">\u00a0<\/td>\n<td width=\"152\">\n<p>Kontynuacja z kl 1<\/p>\n<\/td>\n<\/tr>\n<tr>\n<td width=\"173\">\n<p>Biznes i zarz\u0105dzanie<\/p>\n<\/td>\n<td width=\"205\">\n<p>Ewa Kawczy\u0144ska-Kie\u0142basa<\/p>\n<\/td>\n<td width=\"355\">\n<p>Biznes i zarz\u0105dzanie. Podr\u0119cznik. Liceum i technikum. Cz\u0119\u015b\u0107 2. Zakres podstawowy<\/p>\n<\/td>\n<td width=\"173\">\n<p>WSiP<\/p>\n<\/td>\n<td width=\"128\">\u00a0<\/td>\n<td width=\"152\">\u00a0<\/td>\n<\/tr>\n<tr>\n<td width=\"173\">\n<p>Wychowanie do \u017cycia w rodzinie<\/p>\n<\/td>\n<td width=\"205\">\n<p>Teresa Kr\u00f3l\u00a0<\/p>\n<p>Magdalena Guziak-Nowak\u00a0<\/p>\n<\/td>\n<td width=\"355\">\n<p>Podr\u0119cznik dla uczni\u00f3w klasy 1 liceum og\u00f3lnokszta\u0142c\u0105cego, technikum, szko\u0142y bran\u017cowej I stopnia . W\u0119druj\u0105c ku doros\u0142o\u015bci. Wychowanie do \u017cycia w rodzinie. Nr dop. \u00a0MEN 1070\/1\/2019<\/p>\n<\/td>\n<td width=\"173\">\n<p>Rubikon<\/p>\n<\/td>\n<td width=\"128\">\u00a0<\/td>\n<td width=\"152\">\n<p>Nieobowi\u0105zkowy<\/p>\n<\/td>\n<\/tr>\n<tr>\n<td width=\"173\">\n<p>Informatyka<\/p>\n<\/td>\n<td width=\"205\">\n<p>Janusz Mazur<\/p>\n<\/td>\n<td width=\"355\">\n<p>Informatyka na czasie 2<\/p>\n<\/td>\n<td width=\"173\">\n<p>Nowa Era<\/p>\n<\/td>\n<td width=\"128\">\u00a0<\/td>\n<td width=\"152\">\n<p>Nieobowi\u0105zkowa<\/p>\n<\/td>\n<\/tr>\n<tr>\n<td width=\"173\">\u00a0<\/td>\n<td width=\"205\">\u00a0<\/td>\n<td width=\"355\">\u00a0<\/td>\n<td width=\"173\">\u00a0<\/td>\n<td width=\"128\">\u00a0<\/td>\n<td width=\"152\">\u00a0<\/td>\n<\/tr>\n<\/tbody>\n<\/table>","protected":false},"excerpt":{"rendered":"<p>Podr\u0119czniki dla klas II-V dost\u0119pne w dzienniku elektronicznym. Wykaz podr\u0119cznik\u00f3w dla klasy I w roku szkolnym 2025\/2026 Podr\u0119cznik do matematyki jest taki [&hellip;]<\/p>\n","protected":false},"author":1,"featured_media":0,"parent":0,"menu_order":0,"comment_status":"closed","ping_status":"closed","template":"","meta":{"footnotes":""},"class_list":["post-181","page","type-page","status-publish","hentry"],"_links":{"self":[{"href":"https:\/\/www.zsczudec.pl\/index.php?rest_route=\/wp\/v2\/pages\/181","targetHints":{"allow":["GET"]}}],"collection":[{"href":"https:\/\/www.zsczudec.pl\/index.php?rest_route=\/wp\/v2\/pages"}],"about":[{"href":"https:\/\/www.zsczudec.pl\/index.php?rest_route=\/wp\/v2\/types\/page"}],"author":[{"embeddable":true,"href":"https:\/\/www.zsczudec.pl\/index.php?rest_route=\/wp\/v2\/users\/1"}],"replies":[{"embeddable":true,"href":"https:\/\/www.zsczudec.pl\/index.php?rest_route=%2Fwp%2Fv2%2Fcomments&post=181"}],"version-history":[{"count":42,"href":"https:\/\/www.zsczudec.pl\/index.php?rest_route=\/wp\/v2\/pages\/181\/revisions"}],"predecessor-version":[{"id":2624,"href":"https:\/\/www.zsczudec.pl\/index.php?rest_route=\/wp\/v2\/pages\/181\/revisions\/2624"}],"wp:attachment":[{"href":"https:\/\/www.zsczudec.pl\/index.php?rest_route=%2Fwp%2Fv2%2Fmedia&parent=181"}],"curies":[{"name":"wp","href":"https:\/\/api.w.org\/{rel}","templated":true}]}}